{"id":2609,"date":"2024-01-15T17:34:03","date_gmt":"2024-01-15T16:34:03","guid":{"rendered":"https:\/\/klimapaktfirbetriber.lu\/?post_type=mesures&#038;p=2609"},"modified":"2026-04-08T15:24:28","modified_gmt":"2026-04-08T13:24:28","slug":"einbau-oder-aenderung-einer-neuen-mechanischen-lueftungsanlage","status":"publish","type":"mesures","link":"https:\/\/www.klimapaktfirbetriber.lu\/de\/massnahmen\/einbau-oder-aenderung-einer-neuen-mechanischen-lueftungsanlage\/","title":{"rendered":"Einbau oder \u00c4nderung einer neuen mechanischen L\u00fcftungsanlage"},"content":{"rendered":"\n<h2 class=\"wp-block-heading\"><strong><strong>Optimierung des zentralen L\u00fcftungssystems Ihres Unternehmens<\/strong><\/strong><\/h2>\n\n\n\n<p>Um die Funktionsf\u00e4higkeit des L\u00fcftungssystems und die finanziellen Auswirkungen zu \u00fcberwachen, sind eine regelm\u00e4\u00dfige Bedarfsanalyse sowie ein Technologiemonitoring erforderlich. In der folgenden detaillierten Beschreibung finden Sie die Analyse, die im Falle einer Erneuerung der L\u00fcftung anzuwenden ist.<\/p>\n\n\n\n<p>In einem ersten Schritt ist es sehr ratsam, die Situation und den aktuellen L\u00fcftungsbedarf Ihres Unternehmens genau zu analysieren sowie m\u00f6gliche \u00c4nderungen des zuk\u00fcnftigen Bedarfs zu antizipieren (Bauvorhaben, \u00c4nderung der Nutzung bestimmter R\u00e4ume usw.).<\/p>\n\n\n\n<p>Auf der Grundlage dieser Analyse kann die Dimensionierung des neuen L\u00fcftungssystems vorgenommen werden.<\/p>\n\n\n\n<!--more-->\n\n\n\n<h2 class=\"type-numerotation\"><span class=\"type-numerotation-span visually-hidden\"><\/span>Definition des Bedarfs an mechanischer L\u00fcftung<\/h2>\n\n\n\n<h3 class=\"wp-block-heading\"><strong><strong><strong>Analyse der aktuellen Situation<\/strong><\/strong><\/strong><\/h3>\n\n\n\n<ul class=\"wp-block-list\">\n<li>Bestimmung der Parameter der vorhandenen Anlage, z. B. Alter, allgemeiner Zustand, zentrales oder dezentrales System, Luftaustausch, Energieverbrauch und damit verbundene Kosten usw.<\/li>\n\n\n\n<li>Die Sicherheitsvorschriften der ITM \u201e<a href=\"https:\/\/itm.public.lu\/dam-assets\/fr\/securite-sante\/conditions-types\/itm-cl-1100-2000\/ITM-SST-1814-1.pdf\" target=\"_blank\" rel=\"noreferrer noopener\"><u>L\u00fcftungs- und Klimaanlagen<\/u><\/a>\u201c m\u00fcssen eingehalten werden.<\/li>\n\n\n\n<li>Beurteilung des L\u00fcftungsbedarfs des betroffenen Unternehmens\n<ul class=\"wp-block-list\">\n<li>Luftaustausch in (m<sup>3<\/sup>\/h)\/p<\/li>\n\n\n\n<li>Temperatur (Au\u00dfen- und Raumtemperatur)<\/li>\n\n\n\n<li>Feuchtigkeitsgehalt (Trocknen oder Befeuchten erforderlich?)<\/li>\n\n\n\n<li>Erforderliche Luftqualit\u00e4t (CO<sub>2<\/sub>-Gehalt, Feinstaub, usw.)<\/li>\n\n\n\n<li>Nutzung und Intensit\u00e4t der Nutzung von Geb\u00e4udebereichen<\/li>\n<\/ul>\n<\/li>\n\n\n\n<li>Potenzial f\u00fcr W\u00e4rmer\u00fcckgewinnung identifizieren<\/li>\n\n\n\n<li>Identifizierung der erforderlichen Schalld\u00e4mmung (Vermeidung einer Minderung der Schalld\u00e4mmung)<\/li>\n\n\n\n<li>Bestimmung der R\u00e4ume mit besonderen Anforderungen (z. B. Labore, Reinr\u00e4ume usw.)<\/li>\n\n\n\n<li>Beurteilung der Vorteile einer Begleitung durch Fachleute<\/li>\n<\/ul>\n\n\n\n<div class=\"wp-block-group has-light-green-background-color has-background\"><div class=\"wp-block-group__inner-container is-layout-constrained wp-block-group-is-layout-constrained\">\n<h3 class=\"wp-block-heading has-green-color has-text-color has-link-color wp-elements-af5bf17fcc31900e75d2561d5265fefd\"><strong>Weiterf\u00fchrende Schritte<\/strong><\/h3>\n\n\n\n<p><strong>Die Hauptaufgaben eines <\/strong><a href=\"https:\/\/www.oai.lu\/fr\/9\/topmenu\/annuaire-membres\/\" target=\"_blank\" rel=\"noreferrer noopener\"><u><strong>Ingenieurb\u00fcros (beratender Ingenieur f\u00fcr Haustechnik)<\/strong><\/u><\/a><strong> oder eines <\/strong><a href=\"https:\/\/www.fgt.lu\/de\/unsere-mitglieder\/?selectCat=Installateur%2BSanit%25C3%25A4r%2BHeizung-K%25C3%25A4ltetechnik-L%25C3%25BCftung&amp;searchKeywords=\" target=\"_blank\" rel=\"noreferrer noopener\"><u><strong>qualifizierten Handwerkers (L\u00fcftungsinstallateur)<\/strong><\/u><\/a><strong> im Rahmen der Optimierung der L\u00fcftung sind folgende:<\/strong><\/p>\n\n\n\n<ul class=\"wp-block-list\">\n<li>Eine gr\u00fcndliche Bestandsaufnahme der bestehenden Anlage durchf\u00fchren (Kofinanzierung m\u00f6glich)<\/li>\n\n\n\n<li>M\u00f6gliche Anpassungen an zuk\u00fcnftige Bed\u00fcrfnisse festlegen<\/li>\n\n\n\n<li>Analyse des Energieverbrauchs durch die L\u00fcftung<\/li>\n<\/ul>\n<\/div><\/div>\n\n\n\n<h2 class=\"type-numerotation\"><span class=\"type-numerotation-span visually-hidden\"><\/span>Identifizierung der geeigneten L\u00fcftungsanlage<\/h2>\n\n\n\n<h3 class=\"wp-block-heading\"><strong><strong><strong>Definition der L\u00f6sung<\/strong><\/strong><\/strong><\/h3>\n\n\n\n<ul class=\"wp-block-list\">\n<li>Festlegung der L\u00f6sung auf der Grundlage der Bedarfsanalyse in Zusammenarbeit mit einem Lieferanten, einem <a href=\"https:\/\/www.fgt.lu\/de\/unsere-mitglieder\/?selectCat=Installateur%2BSanit%25C3%25A4r%2BHeizung-K%25C3%25A4ltetechnik-L%25C3%25BCftung&amp;searchKeywords=\" target=\"_blank\" rel=\"noreferrer noopener\"><u><strong>qualifizierten Handwerker (L\u00fcftungsinstallateur)<\/strong><\/u><\/a> oder einem <a href=\"https:\/\/www.oai.lu\/fr\/9\/topmenu\/annuaire-membres\/\" target=\"_blank\" rel=\"noreferrer noopener\"><u>Ingenieurb\u00fcro<\/u><\/a><\/li>\n<\/ul>\n\n\n\n<ul class=\"wp-block-list\">\n<li>Es ist wichtig, das Energieeinsparpotenzial nicht zu vernachl\u00e4ssigen, das z. B. durch eine W\u00e4rmer\u00fcckgewinnung erreicht werden kann. Es ist auch wichtig, Messger\u00e4te f\u00fcr die Luftqualit\u00e4t in den von der L\u00fcftungsanlage versorgten R\u00e4umen zu installieren, und nicht zu vergessen, Messpunkte an der L\u00fcftungsanlage vorzusehen, um deren einwandfreie Funktion zu \u00fcberpr\u00fcfen.<\/li>\n<\/ul>\n\n\n\n<ul class=\"wp-block-list\">\n<li>Auch die M\u00f6glichkeit in Betracht ziehen, das bestehende System nachzur\u00fcsten, z. B.:\n<ul class=\"wp-block-list\">\n<li>Vorhandene Ventilatoren austauschen<\/li>\n\n\n\n<li>Frequenzumrichter einbauen<\/li>\n\n\n\n<li>Regelklappen einbauen<\/li>\n\n\n\n<li>L\u00fcftungsnetz sowie das Heiz-\/K\u00fchlnetz isolieren<\/li>\n\n\n\n<li>Nur wenn n\u00f6tig, Luft befeuchten\/trocknen<\/li>\n\n\n\n<li>In R\u00fccksprache mit dem Lieferanten die M\u00f6glichkeit der nachtr\u00e4glichen Integration von Energier\u00fcckgewinnung (W\u00e4rmetauscher zwischen Abluft und Frischluft) kl\u00e4ren<\/li>\n\n\n\n<li>Einrichtung einer von der Luftqualit\u00e4t (CO<sub>2<\/sub>-Gehalt) abh\u00e4ngigen Regelung<\/li>\n<\/ul>\n<\/li>\n<\/ul>\n\n\n\n<ul class=\"wp-block-list\">\n<li>Um die Luftgeschwindigkeit und damit die L\u00e4rmbel\u00e4stigung zu begrenzen, sollte der Querschnitt der Ummantelung sowie die Anlage richtig dimensioniert sein.<\/li>\n<\/ul>\n\n\n\n<ul class=\"wp-block-list\">\n<li>\u00dcberpr\u00fcfung der Notwendigkeit, die Zuluft vorzuw\u00e4rmen oder zu k\u00fchlen, und ggf. Integration der L\u00fcftung, wenn m\u00f6glich, in das bestehende Heiz-\/K\u00fchlsystem.<\/li>\n<\/ul>\n\n\n\n<ul class=\"wp-block-list\">\n<li>\u00dcberpr\u00fcfung der richtigen Anbringung der Abluft- und Frischluft\u00f6ffnungen, um einen Kurzschluss zwischen Abluft und Frischluft zu vermeiden und sch\u00e4dliche Auswirkungen des Mikroklimas auf die Frischluft zu minimieren (z. B. zu hei\u00df am Eingang im Sommer, schlechte Qualit\u00e4t in der N\u00e4he von Hauptverkehrsstra\u00dfen).<\/li>\n<\/ul>\n\n\n\n<div class=\"wp-block-group\"><div class=\"wp-block-group__inner-container is-layout-constrained wp-block-group-is-layout-constrained\">\n<h3 class=\"wp-block-heading\"><strong>\u00dcberpr\u00fcfung des Projekts in Bezug auf <\/strong><a href=\"https:\/\/guichet.public.lu\/de\/entreprises\/urbanisme-environnement\/commodo-incommodo\/autorisations-commodo\/commodo.html\" target=\"_blank\" rel=\"noreferrer noopener\">Betriebsgenehmigungen<\/a><\/h3>\n\n\n\n<p>Bei der Anpassung bestehender Anlagen und insbesondere bei der Einrichtung neuer Anlagen die Einstufung als klassifizierte Einrichtung \u00fcberpr\u00fcfen.<\/p>\n<\/div><\/div>\n\n\n\n<div class=\"wp-block-group\"><div class=\"wp-block-group__inner-container is-layout-constrained wp-block-group-is-layout-constrained\">\n<h3 class=\"wp-block-heading\"><strong><strong><strong>Erstellung von Lastenheft und Angebotsanfrage<\/strong><\/strong><\/strong><\/h3>\n\n\n\n<ul class=\"wp-block-list\">\n<li>Je nach den zuvor ermittelten Bed\u00fcrfnissen (siehe oben)<\/li>\n\n\n\n<li>Vergleich der verschiedenen Angebote nach Preis und Qualit\u00e4t<\/li>\n<\/ul>\n<\/div><\/div>\n\n\n\n<h3 class=\"type-numerotation\"><span class=\"type-numerotation-span visually-hidden\"><\/span>Beantragung von Beihilfen<\/h3>\n\n\n\n<h3 class=\"wp-block-heading\"><strong>Staatliche Beihilfen<\/strong><\/h3>\n\n\n\n<div class=\"wp-block-group has-light-green-background-color has-background\"><div class=\"wp-block-group__inner-container is-layout-constrained wp-block-group-is-layout-constrained\">\n<div class=\"wp-block-group\"><div class=\"wp-block-group__inner-container is-layout-constrained wp-block-group-is-layout-constrained\">\n<p class=\"has-green-color has-text-color has-link-color wp-elements-946e91235123e46ed3c5265c8227627c\"><strong>Achtung: Anreizwirkung, die bei der Beantragung von (staatlicher oder nichtstaatlicher) Beihilfe und unter der Voraussetzung, dass die F\u00f6rderkriterien erf\u00fcllt sind, eingehalten werden muss.<\/strong><\/p>\n\n\n\n<p>Um die \u201eAnreizwirkung\u201c zu wahren, d\u00fcrfen keine verbindlichen Verpflichtungen (Unterzeichnung eines Kostenvoranschlags; Anzahlung) eingegangen werden, BEVOR die Antragsunterlagen eingereicht wurden oder der Staat oder der Strom- und Gasversorger aufgrund eines Antrags auf Zusch\u00fcsse eine grunds\u00e4tzliche Zustimmung (\u201eaccord de principe\u201c) erteilt hat.<\/p>\n<\/div><\/div>\n<\/div><\/div>\n\n\n\n<ul class=\"wp-block-list\">\n<li><a href=\"https:\/\/guichet.public.lu\/de\/entreprises\/financement-aides\/regime-fit-4\/fit-4-sustainability.html\" data-type=\"link\" data-id=\"https:\/\/guichet.public.lu\/de\/entreprises\/financement-aides\/regime-fit-4\/fit-4-sustainability.html\" target=\"_blank\" rel=\"noopener\">Programm \u201eFit 4 Sustainability\u201d<\/a><br><br>Das Programm Fit 4 Sustainability erm\u00f6glicht die Kofinanzierung der Durchf\u00fchrung eines Umweltaudits sowie eines Aktionsplans zu einem oder mehreren vom Unternehmen ausgew\u00e4hlten Themenbereichen (Energie, Treibhausgasemissionen, Abf\u00e4lle, Wasser usw.).<br><br>Die F\u00f6rderung betr\u00e4gt <strong>bis zu 60 %, 70 % oder 80 %<\/strong>, je nach Unternehmensgr\u00f6\u00dfe, f\u00fcr die Honorare im Zusammenhang mit der Durchf\u00fchrung einer Umweltstudie (Energieaudit und\/oder CO\u2082-Bilanz) sowie eines detaillierten und quantifizierten Aktionsplans, der Ma\u00dfnahmen zur Reduzierung des Energieverbrauchs bzw. der Treibhausgasemissionen vorsieht (mittel- und langfristige Investitionen, ROI usw.). Das Programm steht KMU und gro\u00dfen Unternehmen offen, ausgenommen Unternehmen, die Studien durchf\u00fchren m\u00fcssen, die von der Umweltverwaltung vorgeschrieben sind, einschlie\u00dflich verpflichtender Energieaudits.<br>\n<ul class=\"wp-block-list\">\n<li>Bei Fragen: <a href=\"mailto:fit4sustainability@luxinnovation.lu\" data-type=\"mailto\" data-id=\"mailto:fit4sustainability@luxinnovation.lu\">Luxinnovation<\/a><\/li>\n<\/ul>\n<\/li>\n<\/ul>\n\n\n\n<ul class=\"wp-block-list\">\n<li><a href=\"https:\/\/guichet.public.lu\/de\/entreprises\/financement-aides\/regime-sme-packages\/soutien-pme\/sme-packages-sustainability.html\" target=\"_blank\" rel=\"noreferrer noopener\"><u>SME Packages \u2013 Sustainability<\/u><\/a>\n<ul class=\"wp-block-list\">\n<li>Finanzielle F\u00f6rderung f\u00fcr kleine und mittlere Unternehmen, welche bis zu 70 % der f\u00f6rderf\u00e4higen Kosten f\u00fcr die Umsetzung eines Projekts zur Reduzierung der Umweltbelastung deckt. Das zul\u00e4ssige Projektbudget muss zwischen 3.000 \u20ac und 25.000 \u20ac zzgl. MwSt. liegen.\n<ul class=\"wp-block-list\">\n<li>Bei Fragen:\n<ul class=\"wp-block-list\">\n<li><a href=\"mailto:ehandwierk@cdm.lu\" target=\"_blank\" rel=\"noreferrer noopener\"><u>Chambre des M\u00e9tiers<\/u><\/a> f\u00fcr Handwerker<\/li>\n\n\n\n<li><a href=\"mailto:sustainability@cc.lu\" target=\"_blank\" rel=\"noreferrer noopener\"><u>Chamber of Commerce<\/u><\/a> f\u00fcr Unternehmen im nicht-handwerklichen Bereich<\/li>\n<\/ul>\n<\/li>\n<\/ul>\n<\/li>\n<\/ul>\n<\/li>\n<\/ul>\n\n\n\n<ul class=\"wp-block-list\">\n<li>Regelung &#8211; KMU \u2013 <a href=\"https:\/\/guichet.public.lu\/de\/entreprises\/financement-aides\/regime-pme\/aides-generales-pme\/aide-investissements-divers.html\" target=\"_blank\" rel=\"noreferrer noopener\"><u>Beihilfe f\u00fcr sonstige Investitionen<\/u><\/a>\n<ul class=\"wp-block-list\">\n<li>Beihilfen f\u00fcr kleine und mittlere Unternehmen, bis zu 10&nbsp;% oder 20&nbsp;% des Betrags f\u00fcr sonstige Investitionen, die die Modernisierung und Wettbewerbsf\u00e4higkeit der luxemburgischen Wirtschaft f\u00f6rdern sollen.<\/li>\n\n\n\n<li>\u00dcberpr\u00fcfung der F\u00f6rderf\u00e4higkeit des Projekts und Kontaktstelle f\u00fcr die Gew\u00e4hrung der Beihilfe: <a href=\"mailto:info.aide.pme@eco.etat.lu\">Ministerium f\u00fcr Wirtschaft<\/a>&nbsp;(Abteilung Beihilfen f\u00fcr KMU)<\/li>\n\n\n\n<li>Noch weitere Fragen?\n<ul class=\"wp-block-list\">\n<li><a href=\"mailto:subsides@houseofentrepreneurship.lu\" target=\"_blank\" rel=\"noreferrer noopener\"><u>House of Entrepreneurship<\/u><\/a> der Handelskammer<\/li>\n\n\n\n<li><a href=\"mailto:ehandwierk@cdm.lu\" target=\"_blank\" rel=\"noreferrer noopener\"><u>Chambre des M\u00e9tiers<\/u><\/a> (Handwerkskammer)<\/li>\n<\/ul>\n<\/li>\n<\/ul>\n<\/li>\n<\/ul>\n\n\n\n<p class=\"has-light-green-background-color has-background\">Hinweis: Staatliche Beihilfen k\u00f6nnen f\u00fcr ein Projekt nicht miteinander kumuliert werden.<\/p>\n\n\n\n<h3 class=\"wp-block-heading\"><strong><strong><strong>Beantragung von Beihilfen bei Strom- und Gasversorgern<\/strong><\/strong><\/strong><\/h3>\n\n\n\n<p>Seit 2015 sind Strom- und Gasversorger im Rahmen des Verpflichtungssystems aufgefordert, Energieeinsparungen bei den Verbrauchern zu erzielen. Seitdem bieten die Energieversorger Unterst\u00fctzung und Beratung sowie F\u00f6rderprogramme f\u00fcr Verbraucher bei der Umsetzung von Energieeffizienzma\u00dfnahmen an.<\/p>\n\n\n\n<p>Die Versorger, die diesen Service f\u00fcr Unternehmen anbieten, sind folgende:<\/p>\n\n\n\n<ul class=\"wp-block-list\">\n<li><a href=\"https:\/\/www.enoprimes.lu\/de\/unternehmen\/\" target=\"_blank\" data-type=\"link\" data-id=\"https:\/\/www.enoprimes.lu\/de\/unternehmen\/\" rel=\"noreferrer noopener\">Enoprimes Enovos + SUDenergie<\/a><\/li>\n\n\n\n<li><a href=\"mailto:ps@sudenergie.lu\" target=\"_blank\" rel=\"noreferrer noopener\"><u>SUDenergie<\/u><\/a><\/li>\n\n\n\n<li><a href=\"mailto:subvention@sudstroum.lu\" target=\"_blank\" rel=\"noreferrer noopener\"><u>Sudstroum<\/u><\/a><\/li>\n<\/ul>\n\n\n\n<p class=\"has-light-green-background-color has-background\">Hinweis: Die Beihilfen der Versorger k\u00f6nnen mit jeder staatlichen Beihilfe f\u00fcr dasselbe Projekt kumuliert werden.<\/p>\n\n\n<h4><a href=\"https:\/\/guichet.public.lu\/de\/entreprises\/fiscalite\/bonification-impot-investissement\/bonification-transition-ecologique-energetique.html\" target=\"_blank\" rel=\"noopener\">Steuerverg\u00fcnstigung f\u00fcr Investitionen in Projekte zur Meisterung des \u00f6kologischen Wandels und der Energiewende<\/a><\/h4>\n<p>Die Steuerverg\u00fcnstigung wird auf der Grundlage der Investitionen und Betriebsausgaben berechnet, die im Rahmen eines Projekts zur Umsetzung des \u00f6kologischen Wandels und der Energiewende get\u00e4tigt wurden.<br \/>\nDer Steuervorteil betr\u00e4gt 18 % und wird direkt auf den Steuerbetrag angerechnet.<br \/>\nDieser Vorteil kann mit einer klassischen staatlichen Beihilfe kumuliert werden.<\/p>\n<p>F\u00fcr die F\u00f6rderf\u00e4higkeit des Projekts muss mindestens eines der folgenden Ziele erf\u00fcllt sein:<\/p>\n<ul>\n<li>Verbesserung der Energieeffizienz eines Produktionsprozesses<\/li>\n<li>Verbesserung der Materialeffizienz eines Produktionsprozesses<\/li>\n<li>Dekarbonisierung eines Produktionsprozesses<\/li>\n<li>Verringerung der Luftverschmutzung am Produktionsstandort (au\u00dfer CO2-Emissionen)<\/li>\n<li>Erzeugung oder Speicherung erneuerbarer Energie f\u00fcr den Eigenverbrauch<\/li>\n<li>F\u00f6rderung der Verl\u00e4ngerung der Nutzungsdauer von Produkten durch Wiederverwendung<\/li>\n<\/ul>\n<p>F\u00fcr bestimmte Ziele m\u00fcssen Mindestschwellenwerte erreicht werden.<br \/>\nUm Ihre F\u00f6rderf\u00e4higkeit und das Erreichen der Schwellenwerte zu \u00fcberpr\u00fcfen, wird empfohlen, die Auswirkungen der Ma\u00dfnahme auf eine der genannten Bedingungen von einem Experten oder einem Planungsb\u00fcro zertifizieren zu lassen.<\/p>\n<p>Weitere Details und Bestimmungen: <a href=\"https:\/\/guichet.public.lu\/de\/entreprises\/fiscalite\/bonification-impot-investissement\/bonification-transition-ecologique-energetique.html\" target=\"_blank\" rel=\"noopener\">Guichet.lu<\/a><br \/>\nBei Fragen: <a href=\"mailto:bonification@eco.etat.lu\">Ministerium f\u00fcr Wirtschaft &#8211; Bonification<\/a><\/p>\n<div class=\"wp-block-group has-light-green-background-color has-background\">\n<div class=\"wp-block-group__inner-container is-layout-constrained wp-block-group-is-layout-constrained\">Diese Art von Projekt kann vorbehaltlich der Voraussetzung in Betracht kommen, dass das umgesetzte Projekt die Hauptwirtschaftst\u00e4tigkeit des Unternehmens betrifft, die F\u00f6rdervoraussetzungen erf\u00fcllt sind und s\u00e4mtliche weiteren in Artikel 152bis L.I.R. vorgesehenen Kriterien eingehalten werden.<\/div>\n<\/div>\n\n\n\n\n<h2 class=\"type-numerotation\"><span class=\"type-numerotation-span visually-hidden\"><\/span>Nach der Durchf\u00fchrung der Arbeiten<\/h2>\n\n\n\n<h3 class=\"wp-block-heading\"><strong><strong><strong><strong>Planung der regelm\u00e4\u00dfigen Wartung und \u00dcberpr\u00fcfung der Anlage<\/strong><\/strong><\/strong><\/strong><\/h3>\n\n\n\n<ul class=\"wp-block-list\">\n<li>Bestimmung einer f\u00fcr das L\u00fcftungssystem verantwortlichen Person, die sich um die regelm\u00e4\u00dfigen Kontrollen und kleinere Wartungsarbeiten k\u00fcmmert und bei Bedarf externe Spezialisten hinzuzieht.<\/li>\n\n\n\n<li>Sicherstellen, dass die verantwortliche Person in der Bedienung des L\u00fcftungssystems gut geschult ist.<\/li>\n<\/ul>\n","protected":false},"featured_media":2607,"parent":0,"template":"","secteur":[79,90,130,81,82,80,122,84,133,85,89,86,87],"thematique":[91],"application":[112],"class_list":["post-2609","mesures","type-mesures","status-publish","has-post-thumbnail","hentry","secteur-horeca-de","secteur-gesundheits-und-pflegesektor","secteur-boulanger-de","secteur-baubranche","secteur-handel","secteur-handwerk","secteur-metzgerei","secteur-industrie","secteur-schreinerei","secteur-werkstatt","secteur-landwirtschaft-weinbau","secteur-transport","secteur-verwaltung","thematique-energie-de","application-lueftung"],"acf":[],"_links":{"self":[{"href":"https:\/\/www.klimapaktfirbetriber.lu\/de\/wp-json\/wp\/v2\/mesures\/2609","targetHints":{"allow":["GET"]}}],"collection":[{"href":"https:\/\/www.klimapaktfirbetriber.lu\/de\/wp-json\/wp\/v2\/mesures"}],"about":[{"href":"https:\/\/www.klimapaktfirbetriber.lu\/de\/wp-json\/wp\/v2\/types\/mesures"}],"version-history":[{"count":24,"href":"https:\/\/www.klimapaktfirbetriber.lu\/de\/wp-json\/wp\/v2\/mesures\/2609\/revisions"}],"predecessor-version":[{"id":2944319,"href":"https:\/\/www.klimapaktfirbetriber.lu\/de\/wp-json\/wp\/v2\/mesures\/2609\/revisions\/2944319"}],"wp:featuredmedia":[{"embeddable":true,"href":"https:\/\/www.klimapaktfirbetriber.lu\/de\/wp-json\/wp\/v2\/media\/2607"}],"wp:attachment":[{"href":"https:\/\/www.klimapaktfirbetriber.lu\/de\/wp-json\/wp\/v2\/media?parent=2609"}],"wp:term":[{"taxonomy":"secteur","embeddable":true,"href":"https:\/\/www.klimapaktfirbetriber.lu\/de\/wp-json\/wp\/v2\/secteur?post=2609"},{"taxonomy":"thematique","embeddable":true,"href":"https:\/\/www.klimapaktfirbetriber.lu\/de\/wp-json\/wp\/v2\/thematique?post=2609"},{"taxonomy":"application","embeddable":true,"href":"https:\/\/www.klimapaktfirbetriber.lu\/de\/wp-json\/wp\/v2\/application?post=2609"}],"curies":[{"name":"wp","href":"https:\/\/api.w.org\/{rel}","templated":true}]}}