{"id":2861,"date":"2024-02-01T18:01:05","date_gmt":"2024-02-01T17:01:05","guid":{"rendered":"https:\/\/klimapaktfirbetriber.lu\/?post_type=mesures&#038;p=2861"},"modified":"2026-04-08T15:39:38","modified_gmt":"2026-04-08T13:39:38","slug":"verbesserung-der-energieeffizienz-der-gebaeudehuelle","status":"publish","type":"mesures","link":"https:\/\/www.klimapaktfirbetriber.lu\/de\/massnahmen\/verbesserung-der-energieeffizienz-der-gebaeudehuelle\/","title":{"rendered":"Verbesserung der Energieeffizienz der Geb\u00e4udeh\u00fclle"},"content":{"rendered":"\n<h2 class=\"wp-block-heading\"><strong>Optimierung der Betriebskosten, die mit der Energieeffizienz der Geb\u00e4udeh\u00fclle Ihres Unternehmens zusammenh\u00e4ngen<\/strong><\/h2>\n\n\n\n<p>Ein Gro\u00dfteil der Heizenergie geht durch Lecks in der Geb\u00e4udeh\u00fclle verloren, die schlecht oder gar nicht isoliert ist. Die Verbesserung der Geb\u00e4udeh\u00fclle wird daher zu erheblichen Einsparungen beim Heiz- bzw. K\u00e4ltebedarf f\u00fchren.<\/p>\n\n\n\n<!--more-->\n\n\n\n<h2 class=\"type-numerotation\"><span class=\"type-numerotation-span visually-hidden\"><\/span>Ermittlung des Bedarfs zur Verbesserung der Energieeffizienz der Geb\u00e4udeh\u00fclle<\/h2>\n\n\n\n<p><strong><strong>Ermittlung des Verbesserungsbedarfs der Geb\u00e4udeh\u00fclle<\/strong><\/strong><\/p>\n\n\n\n<p>Eine sorgf\u00e4ltige Analyse durch ein Ingenieurb\u00fcro (<a href=\"https:\/\/www.oai.lu\/fr\/9\/topmenu\/annuaire-membres\/\" target=\"_blank\" rel=\"noreferrer noopener\"><u>beratender Ingenieur f\u00fcr Haustechnik<\/u><\/a>) wird dringend empfohlen. Verbesserungen k\u00f6nnen mithilfe von W\u00e4rmebildern, der Entnahme von Bohrproben der Au\u00dfenw\u00e4nde oder einfach durch Sch\u00e4tzungen der Beschaffenheit der Geb\u00e4udeh\u00fclle auf der Grundlage des Baujahres und der Erfahrung von Fachleuten f\u00fcr Geb\u00e4udeh\u00fcllen festgestellt werden.<\/p>\n\n\n\n<p><strong>Die Antworten auf die folgenden Fragen helfen bei der Entwicklung der Renovierungsstrategie und des Verbesserungsbedarfs der Geb\u00e4udeh\u00fclle<\/strong><\/p>\n\n\n\n<ul class=\"wp-block-list\">\n<li>Wie hoch ist der Heizbedarf im Verh\u00e4ltnis zur beheizten Fl\u00e4che?<\/li>\n\n\n\n<li>Wie hoch sind die Heizkosten?<\/li>\n\n\n\n<li>Wie viel Heizkosten kann ich durch die Verbesserungen einsparen?<\/li>\n\n\n\n<li>Kann ich finanzielle Beihilfen erhalten?<\/li>\n\n\n\n<li>In welchem Zustand befinden sich die Geb\u00e4udeh\u00fclle, die Fundamente, der Keller und das Dach?<\/li>\n\n\n\n<li>Gibt es Probleme mit Zugluft, kalten R\u00e4umen oder \u00dcberhitzung?<\/li>\n\n\n\n<li>Ist die Erweiterung der R\u00e4umlichkeiten (oder die Neugestaltung) langfristig geplant?<\/li>\n\n\n\n<li>In welchem Jahr wurde das Geb\u00e4ude errichtet?<\/li>\n\n\n\n<li>Wurden \u00c4nderungen am Geb\u00e4ude vorgenommen?<\/li>\n\n\n\n<li>Gibt es Reparaturen, die im Geb\u00e4ude durchgef\u00fchrt werden m\u00fcssen?<\/li>\n\n\n\n<li>Wird in Geb\u00e4uden unn\u00f6tig Heizenergie verschwendet?<\/li>\n<\/ul>\n\n\n\n<div class=\"wp-block-group has-light-green-background-color has-background\"><div class=\"wp-block-group__inner-container is-layout-constrained wp-block-group-is-layout-constrained\">\n<h3 class=\"wp-block-heading has-green-color has-text-color has-link-color wp-elements-2ef81ad92d4476a20d415ee496602452\"><strong><strong><strong>Weiterf\u00fchrende Schritte<\/strong><\/strong><\/strong><\/h3>\n\n\n\n<ul class=\"wp-block-list\">\n<li>Eine energetische Renovierung der Geb\u00e4udeh\u00fclle wird aus finanziellen Gr\u00fcnden (H\u00f6he der Investition, Abzug f\u00fcr Steuern usw.) oft in Etappen durchgef\u00fchrt. Es kann daher sinnvoll sein, die Verbesserung der Geb\u00e4udeh\u00fclle in die langfristige Immobilienstrategie der Organisation einzubeziehen.<\/li>\n<\/ul>\n\n\n\n<ul class=\"wp-block-list\">\n<li>Da der W\u00e4rmebedarf nach einer energetischen Renovierung stark sinkt, ist es sehr ratsam, nach der abgeschlossenen Verbesserung der Geb\u00e4udeh\u00fclle eine neue W\u00e4rmeerzeugungsanlage zu installieren, um eine \u00dcberdimensionierung der Heizung zu vermeiden.<\/li>\n<\/ul>\n<\/div><\/div>\n\n\n\n<h2 class=\"type-numerotation\"><span class=\"type-numerotation-span visually-hidden\"><\/span>Umsetzung spezifischer Ma\u00dfnahmen<\/h2>\n\n\n\n<p>Es wird empfohlen, bei der Planung und Umsetzung folgende Punkte zu ber\u00fccksichtigen:<\/p>\n\n\n\n<h3 class=\"wp-block-heading\"><strong><strong>Dach<\/strong><\/strong><\/h3>\n\n\n\n<ul class=\"wp-block-list\">\n<li>Kombiniert mit dem Bau einer thermischen Solaranlage (Warmwasseraufbereitung) oder einer Photovoltaikanlage (Stromerzeugung).<\/li>\n<\/ul>\n\n\n\n<ul class=\"wp-block-list\">\n<li>Die bauphysikalisch korrekte Konstruktion muss von einem Fachmann sichergestellt werden.<\/li>\n<\/ul>\n\n\n\n<ul class=\"wp-block-list\">\n<li>Flachd\u00e4cher: die Begr\u00fcnung von D\u00e4chern reguliert das Klima, schafft zus\u00e4tzlichen \u00f6kologischen Lebensraum und entlastet das Abwassersystem.<\/li>\n<\/ul>\n\n\n\n<ul class=\"wp-block-list\">\n<li>Schr\u00e4gdach: die D\u00e4mmung kann zwischen den Sparren, zwischen und unter den Sparren oder auf den Sparren angebracht werden.<\/li>\n<\/ul>\n\n\n\n<ul class=\"wp-block-list\">\n<li>In jedem Fall muss die luftdichte Schicht kontrolliert werden<\/li>\n<\/ul>\n\n\n\n<h3 class=\"wp-block-heading\"><strong><strong><strong>Fenster und Fassade<\/strong><\/strong><\/strong><\/h3>\n\n\n\n<ul class=\"wp-block-list\">\n<li>Wenn m\u00f6glich, die Isolierung der Fassade mit dem Einbau neuer Fenster kombinieren.<\/li>\n<\/ul>\n\n\n\n<ul class=\"wp-block-list\">\n<li>Die Rahmenbreite sollte idealerweise so bemessen sein, dass die Fensterlaibung nachtr\u00e4glich ged\u00e4mmt werden kann.<\/li>\n<\/ul>\n\n\n\n<ul class=\"wp-block-list\">\n<li>Normalerweise wird die Fassadend\u00e4mmung au\u00dfen angebracht; in Ausnahmef\u00e4llen (Kulturerbe usw.) kann es notwendig sein, die D\u00e4mmung innen anzubringen. In diesem speziellen Fall ist es sehr empfehlenswert, sich an ein Ingenieurb\u00fcro zu wenden, da die Installation technisch anspruchsvoller ist.<\/li>\n\n\n\n<li>Die Fassadend\u00e4mmung kann kompakt oder als vorgeh\u00e4ngte hinterl\u00fcftete Fassade ausgef\u00fchrt werden, je nachdem, welche Endverkleidung gew\u00e4hlt wird.<\/li>\n<\/ul>\n\n\n\n<h3 class=\"wp-block-heading\"><strong><strong><strong>Kellerdecke und Isolierung der Fu\u00dfbodenplatte des Dachbodens<\/strong><\/strong><\/strong><\/h3>\n\n\n\n<ul class=\"wp-block-list\">\n<li>Eine Beheizung von nicht genutzten R\u00e4umen (Keller und Dachboden) durch angrenzende beheizte R\u00e4ume ist zu vermeiden.<\/li>\n<\/ul>\n\n\n\n<ul class=\"wp-block-list\">\n<li>Nicht vergessen, T\u00fcren, Treppen und W\u00e4nde zwischen beheizten und unbeheizten R\u00e4umen zu isolieren.<\/li>\n<\/ul>\n\n\n\n<ul class=\"wp-block-list\">\n<li>Die maximal m\u00f6gliche D\u00e4mmdicke verwenden, ohne Heizungsrohre oder andere technische Anlagen abzudecken.<\/li>\n<\/ul>\n\n\n\n<div class=\"wp-block-group has-light-green-background-color has-background\"><div class=\"wp-block-group__inner-container is-layout-constrained wp-block-group-is-layout-constrained\">\n<h3 class=\"wp-block-heading has-green-color has-text-color has-link-color wp-elements-17b00c069ec1878809393cb0ceeaa582\"><strong><strong><strong>Erkl\u00e4rung von W\u00e4rmebr\u00fccken<\/strong><\/strong><\/strong><\/h3>\n\n\n\n<ul class=\"wp-block-list\">\n<li>Bereich, der die W\u00e4rme besser leitet und sie schneller nach au\u00dfen transportiert. Bei energetischen Renovierungen m\u00f6glichst zu vermeiden (z. B. Fensterlaibung, Balkon, Balken usw.).<\/li>\n<\/ul>\n\n\n\n<ul class=\"wp-block-list\">\n<li>K\u00f6nnen zu Problemen mit lokaler Kondensation und Schimmelbildung f\u00fchren.<\/li>\n<\/ul>\n\n\n\n<ul class=\"wp-block-list\">\n<li>Vermeidung der Entstehung von W\u00e4rmebr\u00fccken bei Isolierungsarbeiten oder dem Austausch von Fenstern.<\/li>\n<\/ul>\n<\/div><\/div>\n\n\n\n<h3 class=\"wp-block-heading\"><strong><strong><strong>Einbau einer kontrollierten L\u00fcftung<\/strong><\/strong><\/strong><\/h3>\n\n\n\n<ul class=\"wp-block-list\">\n<li>Je h\u00f6her die Luftdichtheit des Geb\u00e4udes ist, desto geringer ist der nat\u00fcrliche Luftaustausch. Um die Luftqualit\u00e4t innerhalb des Geb\u00e4udes zu gew\u00e4hrleisten, kann es sinnvoll sein, eine kontrollierte L\u00fcftung zu installieren.<\/li>\n<\/ul>\n\n\n\n<ul class=\"wp-block-list\">\n<li>Eine kontrollierte L\u00fcftung dient au\u00dferdem dazu, die W\u00e4rme der verbrauchten Luft zur\u00fcckzugewinnen (nur ihre W\u00e4rme, die \u00fcber einen W\u00e4rmetauscher an die Frischluft abgegeben wird), Feuchtigkeitssch\u00e4den zu vermeiden und eine konstant gute und bedarfsgerechte Luftqualit\u00e4t zu gew\u00e4hrleisten.<\/li>\n<\/ul>\n\n\n\n<h2 class=\"type-numerotation\"><span class=\"type-numerotation-span visually-hidden\"><\/span>Beantragung von Beihilfen<\/h2>\n\n\n\n<h3 class=\"wp-block-heading\"><strong><strong><strong>Staatliche Beihilfen<\/strong><\/strong><\/strong><\/h3>\n\n\n\n<div class=\"wp-block-group has-light-green-background-color has-background\"><div class=\"wp-block-group__inner-container is-layout-constrained wp-block-group-is-layout-constrained\">\n<p class=\"has-green-color has-text-color has-link-color wp-elements-946e91235123e46ed3c5265c8227627c\"><strong>Achtung: Anreizwirkung, die bei der Beantragung von (staatlicher oder nichtstaatlicher) Beihilfe und unter der Voraussetzung, dass die F\u00f6rderkriterien erf\u00fcllt sind, eingehalten werden muss.<\/strong><\/p>\n\n\n\n<p>Um die \u201eAnreizwirkung\u201c zu wahren, d\u00fcrfen keine verbindlichen Verpflichtungen (Unterzeichnung eines Kostenvoranschlags; Anzahlung) eingegangen werden, BEVOR die Antragsunterlagen eingereicht wurden oder der Staat oder der Strom- und Gasversorger aufgrund eines Antrags auf Zusch\u00fcsse eine grunds\u00e4tzliche Zustimmung (\u201eaccord de principe\u201c) erteilt hat.<\/p>\n<\/div><\/div>\n\n\n\n<p><a href=\"https:\/\/guichet.public.lu\/de\/entreprises\/financement-aides\/regime-sme-packages\/soutien-pme\/sme-packages-sustainability.html\" target=\"_blank\" rel=\"noreferrer noopener\"><u><strong>SME Packages \u2013 Sustainability<\/strong><\/u><\/a><\/p>\n\n\n\n<ul class=\"wp-block-list\">\n<li>Finanzielle F\u00f6rderung f\u00fcr kleine und mittlere Unternehmen, welche bis zu 70 % der f\u00f6rderf\u00e4higen Kosten f\u00fcr die Umsetzung eines Projekts zur Reduzierung der Umweltbelastung deckt. Das zul\u00e4ssige Projektbudget muss zwischen 3.000 \u20ac und 25.000 \u20ac zzgl. MwSt. liegen.<\/li>\n<\/ul>\n\n\n\n<ul class=\"wp-block-list\">\n<li>Bei Fragen:\n<ul class=\"wp-block-list\">\n<li><a href=\"mailto:ehandwierk@cdm.lu\" target=\"_blank\" rel=\"noreferrer noopener\"><u>Chambre des M\u00e9tiers<\/u><\/a> f\u00fcr Handwerker<\/li>\n\n\n\n<li><a href=\"mailto:sustainability@cc.lu\" target=\"_blank\" rel=\"noreferrer noopener\"><u>Chamber of Commerce<\/u><\/a> f\u00fcr Unternehmen im nicht-handwerklichen Bereich<\/li>\n<\/ul>\n<\/li>\n<\/ul>\n\n\n\n<p><strong>Regelung &#8211; KMU \u2013 <\/strong><a href=\"https:\/\/guichet.public.lu\/de\/entreprises\/financement-aides\/regime-pme\/aides-generales-pme\/aide-investissements-divers.html\" target=\"_blank\" rel=\"noreferrer noopener\"><u><strong>Beihilfe f\u00fcr sonstige Investitionen<\/strong><\/u><\/a><\/p>\n\n\n\n<p>Beihilfen f\u00fcr kleine und mittlere Unternehmen, bis zu 10&nbsp;% oder 20&nbsp;% des Betrags f\u00fcr sonstige Investitionen, die die Modernisierung und Wettbewerbsf\u00e4higkeit der luxemburgischen Wirtschaft f\u00f6rdern sollen.<\/p>\n\n\n\n<ul class=\"wp-block-list\">\n<li>\u00dcberpr\u00fcfung der F\u00f6rderf\u00e4higkeit des Unternehmens und der Kosten: <a href=\"mailto:info.aide.pme@eco.etat.lu\">Ministerium f\u00fcr Wirtschaft<\/a>&nbsp;(Abteilung Beihilfen f\u00fcr KMU)<\/li>\n\n\n\n<li>Antragsfrist:<strong> 30. Juni 2025<\/strong><\/li>\n\n\n\n<li>Noch weitere Fragen?\n<ul class=\"wp-block-list\">\n<li><a href=\"mailto:sustainability@cc.lu\" target=\"_blank\" rel=\"noreferrer noopener\"><u>Chamber of Commerce<\/u><\/a> (Handelskammer)<\/li>\n\n\n\n<li><a href=\"mailto:contact@cdm.lu\" target=\"_blank\" rel=\"noreferrer noopener\"><u>Chambre des M\u00e9tiers<\/u><\/a> (Handwerkskammer)<\/li>\n<\/ul>\n<\/li>\n<\/ul>\n\n\n\n<p class=\"has-light-green-background-color has-background\">Hinweis: Staatliche Beihilfen k\u00f6nnen f\u00fcr ein Projekt nicht miteinander kumuliert werden.<\/p>\n\n\n\n<h3 class=\"wp-block-heading\"><strong><strong><strong>Beantragung von Beihilfen bei Strom- und Gasversorgern<\/strong><\/strong><\/strong><\/h3>\n\n\n\n<p>Seit 2015 sind Strom- und Gasversorger im Rahmen des Verpflichtungssystems aufgefordert, Energieeinsparungen bei den Verbrauchern zu erzielen. Seitdem bieten die Energieversorger Unterst\u00fctzung und Beratung sowie F\u00f6rderprogramme f\u00fcr Verbraucher bei der Umsetzung von Energieeffizienzma\u00dfnahmen an.<\/p>\n\n\n\n<p>Die Versorger, die diesen Service f\u00fcr Unternehmen anbieten, sind folgende:<\/p>\n\n\n\n<ul class=\"wp-block-list\">\n<li><a href=\"https:\/\/www.enoprimes.lu\/de\/unternehmen\/\" target=\"_blank\" data-type=\"link\" data-id=\"https:\/\/www.enoprimes.lu\/de\/unternehmen\/\" rel=\"noreferrer noopener\">Enoprimes Enovos + SUDenergie<\/a><\/li>\n\n\n\n<li><a href=\"mailto:ps@sudenergie.lu\" target=\"_blank\" rel=\"noreferrer noopener\"><u>SUDenergie<\/u><\/a><\/li>\n\n\n\n<li><a href=\"mailto:subvention@sudstroum.lu\" target=\"_blank\" rel=\"noreferrer noopener\"><u>Sudstroum<\/u><\/a><\/li>\n<\/ul>\n\n\n\n<p class=\"has-light-green-background-color has-background\">Hinweis: Die Beihilfen der Versorger k\u00f6nnen mit jeder staatlichen Beihilfe f\u00fcr dasselbe Projekt kumuliert werden.<\/p>\n\n\n\n<h2 class=\"type-numerotation\"><span class=\"type-numerotation-span visually-hidden\"><\/span>Nach der Durchf\u00fchrung der Arbeiten<\/h2>\n\n\n\n<h3 class=\"wp-block-heading\"><strong><strong><strong>Ersetzen der Heizung<\/strong><\/strong><\/strong><\/h3>\n\n\n\n<p>Der W\u00e4rmebedarf sinkt erheblich, nachdem ein Geb\u00e4ude ged\u00e4mmt wurde. F\u00fcr den Austausch der Heizung erweist es sich daher als sinnvoll zu warten, bis die Arbeiten zur Verbesserung der Geb\u00e4udeh\u00fclle abgeschlossen sind, um eine \u00dcberdimensionierung der neuen W\u00e4rmeerzeugungsanlage zu vermeiden.<\/p>\n","protected":false},"featured_media":2854,"parent":0,"template":"","secteur":[130,141,90,139,81,82,80,122,133,84,85,89,86,87],"thematique":[91],"application":[110],"class_list":["post-2861","mesures","type-mesures","status-publish","has-post-thumbnail","hentry","secteur-boulanger-de","secteur-lebensmittelhandel","secteur-gesundheits-und-pflegesektor","secteur-lebensmittelgeschaft","secteur-baubranche","secteur-handel","secteur-handwerk","secteur-metzgerei","secteur-schreinerei","secteur-industrie","secteur-werkstatt","secteur-landwirtschaft-weinbau","secteur-transport","secteur-verwaltung","thematique-energie-de","application-gebaeude"],"acf":[],"_links":{"self":[{"href":"https:\/\/www.klimapaktfirbetriber.lu\/de\/wp-json\/wp\/v2\/mesures\/2861","targetHints":{"allow":["GET"]}}],"collection":[{"href":"https:\/\/www.klimapaktfirbetriber.lu\/de\/wp-json\/wp\/v2\/mesures"}],"about":[{"href":"https:\/\/www.klimapaktfirbetriber.lu\/de\/wp-json\/wp\/v2\/types\/mesures"}],"version-history":[{"count":11,"href":"https:\/\/www.klimapaktfirbetriber.lu\/de\/wp-json\/wp\/v2\/mesures\/2861\/revisions"}],"predecessor-version":[{"id":2945108,"href":"https:\/\/www.klimapaktfirbetriber.lu\/de\/wp-json\/wp\/v2\/mesures\/2861\/revisions\/2945108"}],"wp:featuredmedia":[{"embeddable":true,"href":"https:\/\/www.klimapaktfirbetriber.lu\/de\/wp-json\/wp\/v2\/media\/2854"}],"wp:attachment":[{"href":"https:\/\/www.klimapaktfirbetriber.lu\/de\/wp-json\/wp\/v2\/media?parent=2861"}],"wp:term":[{"taxonomy":"secteur","embeddable":true,"href":"https:\/\/www.klimapaktfirbetriber.lu\/de\/wp-json\/wp\/v2\/secteur?post=2861"},{"taxonomy":"thematique","embeddable":true,"href":"https:\/\/www.klimapaktfirbetriber.lu\/de\/wp-json\/wp\/v2\/thematique?post=2861"},{"taxonomy":"application","embeddable":true,"href":"https:\/\/www.klimapaktfirbetriber.lu\/de\/wp-json\/wp\/v2\/application?post=2861"}],"curies":[{"name":"wp","href":"https:\/\/api.w.org\/{rel}","templated":true}]}}