{"id":3722,"date":"2024-06-21T09:53:21","date_gmt":"2024-06-21T07:53:21","guid":{"rendered":"https:\/\/klimapaktfirbetriber.lu\/mesures\/favoriser-la-mobilite-douce-au-sein-de-votre-entreprise\/"},"modified":"2026-03-17T12:39:38","modified_gmt":"2026-03-17T11:39:38","slug":"favoriser-la-mobilite-douce-au-sein-de-votre-entreprise","status":"publish","type":"mesures","link":"https:\/\/www.klimapaktfirbetriber.lu\/de\/massnahmen\/favoriser-la-mobilite-douce-au-sein-de-votre-entreprise\/","title":{"rendered":"Unterst\u00fctzung der aktiven und dekarbonisierten Mobilit\u00e4t meiner Mitarbeiter"},"content":{"rendered":"\n<h2 class=\"wp-block-heading\">F\u00f6rderung der sanften Mobilit\u00e4t in Ihrem Unternehmen<\/h2>\n\n\n\n<p>Um das Ziel der Klimaneutralit\u00e4t bis 2050 zu erreichen, ist es unerl\u00e4sslich, die Nutzung der Fahrzeugflotte zu minimieren und Alternativen zur sanften Mobilit\u00e4t zu f\u00f6rdern. Diese Ma\u00dfnahme zielt darauf ab, den CO2-Fu\u00dfabdruck des Unternehmens durch eine Neugestaltung der allgemeinen Mobilit\u00e4t des Unternehmens zu verringern.<\/p>\n\n\n\n<p>Angesichts der besonderen Situation des Landes mit kostenlosen \u00f6ffentlichen Verkehrsmitteln sollten die Mitarbeiter diese st\u00e4rker nutzen, indem sie ihre Konsumgewohnheiten \u00e4ndern.<\/p>\n\n\n\n<!--more-->\n\n\n\n<p><\/p>\n\n\n\n<h3 class=\"type-numerotation\"><span class=\"type-numerotation-span visually-hidden\"><\/span>Analyse und Definition des Dekarbonisierungsprojekts des Unternehmens<\/h3>\n\n\n\n<h4 class=\"wp-block-heading\">Identifizierung der aktuellen Mobilit\u00e4tssituation des Unternehmens<\/h4>\n\n\n\n<ul class=\"wp-block-list\">\n<li>Analysieren Sie die Transportmittel, die von den Mitarbeitern f\u00fcr Fahrten zur Arbeit und f\u00fcr berufliche Zwecke verwendet werden: z.B. Durchf\u00fchrung einer anonymen Befragung s\u00e4mtlicher Mitarbeiter<\/li>\n\n\n\n<li>Informieren Sie sich \u00fcber derzeit m\u00f6gliche Fortbewegungsmittel f\u00fcr Fahrten zur Arbeit und f\u00fcr berufliche Zwecke wie z. B. Bahn, Busse, Firmenfahrzeuge, pers\u00f6nliche Fahrzeuge, Spazierg\u00e4nge, Fahrr\u00e4der, Fahrgemeinschaften usw.<\/li>\n\n\n\n<li>Quantifizierung der Verkehrsfl\u00fcsse: z. B. Kilometerleistung, Entfernung usw.<\/li>\n<\/ul>\n\n\n\n<h4 class=\"wp-block-heading\">Definition zuk\u00fcnftiger Bed\u00fcrfnisse<\/h4>\n\n\n\n<ul class=\"wp-block-list\">\n<li>Definition des allgemeinen Ziels der Mobilit\u00e4t des Unternehmens<\/li>\n\n\n\n<li>Entwicklung eines Grundkonzepts einschlie\u00dflich spezifischer Mitarbeiteraktionen<\/li>\n\n\n\n<li>Einrichtung einer Arbeitsgruppe zum Thema Mobilit\u00e4t am Arbeitsplatz zusammen mit Ihren Mitarbeitern<\/li>\n\n\n\n<li>Informieren Sie sich in Bezug auf den Personentransport \u00fcber <a href=\"https:\/\/www.klima-agence.lu\/de\/mein-beitrag-zum-klimaschutz\/meinen-energieverbrauch-optimieren\/die-vorteile-der-oekomobilitaet\" target=\"_blank\" data-type=\"link\" data-id=\"https:\/\/www.klima-agence.lu\/fr\/ma-contribution-a-la-protection-du-climat\/faire-le-choix-de-l-ecomobilite\/les-avantages-de\" rel=\"noreferrer noopener\">\u00d6komobilit\u00e4t<\/a>.<\/li>\n\n\n\n<li>Installieren Sie sichere Park- und Ladem\u00f6glichkeiten f\u00fcr E-Bikes oder Elektroroller.<\/li>\n<\/ul>\n\n\n\n<p class=\"type-numerotation\"><span class=\"type-numerotation-span visually-hidden\"><\/span>Identifizierung einer L\u00f6sung, die den Bed\u00fcrfnissen des Unternehmens entspricht <\/p>\n\n\n\n<h4 class=\"wp-block-heading\">Umsetzung des allgemeinen Mobilit\u00e4tskonzepts des Unternehmens<br><\/h4>\n\n\n\n<ul class=\"wp-block-list\">\n<li>Nutzen Sie den Service von <a href=\"https:\/\/mconcept.lu\/de\/\" target=\"_blank\" data-type=\"link\" data-id=\"https:\/\/mconcept.lu\/en\/\" rel=\"noreferrer noopener\">MConcept<\/a>: es handelt sich um ein Konzept, das auf Erhebungen und Zug\u00e4nglichkeitsstudien basiert, die den Wohnort der Mitarbeiter geographisch im Vergleich zum Standort des Unternehmens analysieren und L\u00f6sungen zur Erleichterung der alternativen Mobilit\u00e4t zu Personenkraftwagen vorschlagen. Dieser Service wird vom Ministerium f\u00fcr Mobilit\u00e4t und \u00f6ffentliche Arbeiten kostenlos angeboten.<\/li>\n\n\n\n<li>Sensibilisierung und Erinnerung an die verschiedenen Fortbewegungsm\u00f6glichkeiten<\/li>\n\n\n\n<li>Bewertung der Vor- und Nachteile jedes Verkehrsmittels<\/li>\n<\/ul>\n\n\n\n<h4 class=\"wp-block-heading\">Finden Sie die geeignete Mobilit\u00e4tsl\u00f6sung, um die Gesch\u00e4ftsreisen und Dienstleistungen des Unternehmens zu gew\u00e4hrleisten<\/h4>\n\n\n\n<ul class=\"wp-block-list\">\n<li>Bieten Sie den Mitarbeitern ein Abonnement f\u00fcr \u00f6ffentliche Fahrr\u00e4der an (Vel &#8218;OH! in Luxemburg-Stadt und den angrenzenden Gemeinden oder V\u00ebl&#8217;Ok in Esch-sur-Alzette).<\/li>\n\n\n\n<li>Umwandlung bestehender Parkpl\u00e4tze in Stellpl\u00e4tze, die nur f\u00fcr Fahrr\u00e4der, Fahrgemeinschaften oder Elektrofahrzeuge bestimmt sind.<\/li>\n\n\n\n<li>Bereitstellung von E-Bikes oder Elektrorollern.<\/li>\n\n\n\n<li>Angebot zum Leasing von E-Bikes oder Elektrorollern.<\/li>\n\n\n\n<li>Erinnern Sie sich an die vom Staat vorgeschlagenen Beihilfen f\u00fcr die aktive Mobilit\u00e4t.<\/li>\n\n\n\n<li>Angebot zus\u00e4tzlicher Unterst\u00fctzung seitens des Unternehmens bei der Finanzierung von Ausr\u00fcstungen im Zusammenhang mit der sanften Mobilit\u00e4t.<\/li>\n\n\n\n<li>Einrichtung einer Charta f\u00fcr die Nutzung von Verkehrsmitteln, um festzulegen, auf welcher Grundlage der Mitarbeiter die f\u00fcr Gesch\u00e4ftsreisen verf\u00fcgbaren Verkehrsmittel in Abh\u00e4ngigkeit von der Entfernung und der Erreichbarkeit nutzen soll.<\/li>\n\n\n\n<li>Bieten Sie ein oder mehrere Autos aus dem Fuhrpark des Unternehmens zur Miete \/ zum Sharing f\u00fcr Mitarbeiter f\u00fcr deren privaten Fahrten zu einem moderaten Preis (abends oder am Wochenende) an.<\/li>\n\n\n\n<li>Bieten Sie Videokonferenzen f\u00fcr Diskussionen an, die nicht unbedingt eine k\u00f6rperliche Anwesenheit erfordern, und f\u00f6rdern Sie das Homeoffice einmal pro Woche, wenn dies m\u00f6glich ist.<\/li>\n\n\n\n<li>Profitieren Sie von nachhaltigen Transportdienstleistungen (z. B. Zug)<\/li>\n\n\n\n<li>Ber\u00fccksichtigen Sie im Hinblick auf einen Umzug die Entfernungen und die Erreichbarkeit f\u00fcr gesch\u00e4ftliche und private Fahrten von Mitarbeitern mit sanfter Mobilit\u00e4t.<\/li>\n<\/ul>\n\n\n\n<h3 class=\"type-numerotation\"><span class=\"type-numerotation-span visually-hidden\"><\/span>Beantragung von Beihilfen<\/h3>\n\n\n\n<div class=\"wp-block-group\"><div class=\"wp-block-group__inner-container is-layout-constrained wp-block-group-is-layout-constrained\">\n<div class=\"wp-block-group\"><div class=\"wp-block-group__inner-container is-layout-constrained wp-block-group-is-layout-constrained\">\n<div class=\"wp-block-group has-light-green-background-color has-background\"><div class=\"wp-block-group__inner-container is-layout-constrained wp-block-group-is-layout-constrained\">\n<p>Informieren Sie die Bewohner dar\u00fcber, dass sie <a href=\"https:\/\/guichet.public.lu\/de\/citoyens\/aides\/transport\/transports-individuels\/deduction-mobilite-durable-velo.html\" target=\"_blank\" data-type=\"link\" data-id=\"https:\/\/guichet.public.lu\/fr\/citoyens\/transports-mobilite\/transports-individuels\/aides-financieres-acquisition-detention-vehicule\/deduction-mobilite-durable-velo.html#:~:text=Montant%20de%20la%20prime,-Les%20primes%20sont&amp;text=Les%20particuliers%20peuvent%20pr%C3%A9tendre%20pour,facture%20%C3%A0%20l&#039;appui).\" rel=\"noreferrer noopener\">eine Pr\u00e4mie f\u00fcr den Kauf eines Pedelecs25 oder eines Fahrrads<\/a> beantragen k\u00f6nnen<\/p>\n\n\n\n<ul class=\"wp-block-list\">\n<li>Unterst\u00fctzung f\u00fcr Privatpersonen mit Wohnsitz in Luxemburg beim Kauf eines Fahrrads oder Pedelecs25 in H\u00f6he von 50 % ohne Mehrwertsteuer des Kaufpreises, jedoch nicht mehr als 600 \u20ac. Diese Hilfe ist bis zum 30. September 2024 verf\u00fcgbar.\n<ul class=\"wp-block-list\">\n<li>Ab dem 1. Oktober 2024 ist die Unterst\u00fctzung in H\u00f6he von 600 \u20ac Personen vorbehalten, die Anspruch auf Teuerungszulagen oder Energiepr\u00e4mien haben.<\/li>\n\n\n\n<li>Ab dem 1. Oktober 2024 haben Cargobikes Anspruch auf eine Pr\u00e4mie von bis zu 1.000 \u20ac.<\/li>\n\n\n\n<li>Bei weiteren Fragen: <a href=\"https:\/\/guichet.public.lu\/de\/citoyens\/aides\/transport.html\" target=\"_blank\" data-type=\"link\" data-id=\"https:\/\/guichet.public.lu\/fr\/citoyens\/transports-mobilite\/transports-individuels\/aides-financieres-acquisition-detention-vehicule\/deduction-mobilite-durable-2019.html#bloub-9\" rel=\"noreferrer noopener\">Umweltverwaltung \u2013 Subventionen und Finanzhilfen.<\/a><\/li>\n<\/ul>\n<\/li>\n\n\n\n<li>Einige Gemeinden bieten auch interessante Beihilfen an (<a href=\"https:\/\/aides.klima-agence.lu\/details\/101?lng=de\" target=\"_blank\" data-type=\"link\" data-id=\"https:\/\/aides.klima-agence.lu\/details\/101\" rel=\"noreferrer noopener\">siehe Beihilfensimulator von Klima-Agence<\/a>).<\/li>\n<\/ul>\n<\/div><\/div>\n<\/div><\/div>\n<\/div><\/div>\n","protected":false},"featured_media":3719,"parent":0,"template":"","secteur":[90,82,80,84,89,86,87],"thematique":[96],"application":[],"class_list":["post-3722","mesures","type-mesures","status-publish","has-post-thumbnail","hentry","secteur-gesundheits-und-pflegesektor","secteur-handel","secteur-handwerk","secteur-industrie","secteur-landwirtschaft-weinbau","secteur-transport","secteur-verwaltung","thematique-mobilitaet-und-transport"],"acf":[],"_links":{"self":[{"href":"https:\/\/www.klimapaktfirbetriber.lu\/de\/wp-json\/wp\/v2\/mesures\/3722","targetHints":{"allow":["GET"]}}],"collection":[{"href":"https:\/\/www.klimapaktfirbetriber.lu\/de\/wp-json\/wp\/v2\/mesures"}],"about":[{"href":"https:\/\/www.klimapaktfirbetriber.lu\/de\/wp-json\/wp\/v2\/types\/mesures"}],"version-history":[{"count":5,"href":"https:\/\/www.klimapaktfirbetriber.lu\/de\/wp-json\/wp\/v2\/mesures\/3722\/revisions"}],"predecessor-version":[{"id":1083162,"href":"https:\/\/www.klimapaktfirbetriber.lu\/de\/wp-json\/wp\/v2\/mesures\/3722\/revisions\/1083162"}],"wp:featuredmedia":[{"embeddable":true,"href":"https:\/\/www.klimapaktfirbetriber.lu\/de\/wp-json\/wp\/v2\/media\/3719"}],"wp:attachment":[{"href":"https:\/\/www.klimapaktfirbetriber.lu\/de\/wp-json\/wp\/v2\/media?parent=3722"}],"wp:term":[{"taxonomy":"secteur","embeddable":true,"href":"https:\/\/www.klimapaktfirbetriber.lu\/de\/wp-json\/wp\/v2\/secteur?post=3722"},{"taxonomy":"thematique","embeddable":true,"href":"https:\/\/www.klimapaktfirbetriber.lu\/de\/wp-json\/wp\/v2\/thematique?post=3722"},{"taxonomy":"application","embeddable":true,"href":"https:\/\/www.klimapaktfirbetriber.lu\/de\/wp-json\/wp\/v2\/application?post=3722"}],"curies":[{"name":"wp","href":"https:\/\/api.w.org\/{rel}","templated":true}]}}