{"id":4254,"date":"2024-09-10T16:44:12","date_gmt":"2024-09-10T14:44:12","guid":{"rendered":"https:\/\/klimapaktfirbetriber.lu\/mesures\/commerce-alimentaire-recuperation-de-la-chaleur-par-les-condenseurs\/"},"modified":"2026-03-18T12:58:39","modified_gmt":"2026-03-18T11:58:39","slug":"commerce-alimentaire-recuperation-de-la-chaleur-par-les-condenseurs","status":"publish","type":"mesures","link":"https:\/\/www.klimapaktfirbetriber.lu\/de\/massnahmen\/commerce-alimentaire-recuperation-de-la-chaleur-par-les-condenseurs\/","title":{"rendered":"Lebensmittelgesch\u00e4ft: W\u00e4rmer\u00fcckgewinnung durch Verfl\u00fcssiger"},"content":{"rendered":"\n<h2 class=\"wp-block-heading\">W\u00e4rmer\u00fcckgewinnung durch Verfl\u00fcssiger<\/h2>\n\n\n\n<p>Die zur\u00fcckgewonnene W\u00e4rme aus den Verfl\u00fcssigern der K\u00fchlaggregate wird zur Warmwasserbereitung genutzt. Es ist ein K\u00fchlkreislauf, bei dem dem Verdampfer W\u00e4rme entzogen und nach au\u00dfen abgegeben wird (Verfl\u00fcssiger). Die Idee des Projekts besteht darin, diese abzuf\u00fchrende W\u00e4rme zu nutzen, um Warmwasser (WW) vorzuw\u00e4rmen.<\/p>\n\n\n\n<p>Diese Technologie eignet sich f\u00fcr Lebensmittelgesch\u00e4fte, die \u00fcber K\u00e4lteerzeugung verf\u00fcgen (K\u00fchlr\u00e4ume, K\u00fchlm\u00f6bel, Klimaanlagen usw.).<\/p>\n\n\n\n<p>Durch die Installation dieser Technologie, die seit mehr als f\u00fcnf Jahren auf dem Markt erh\u00e4ltlich ist, wird das Unternehmen Stromeinsparungen erzielen und gleichzeitig seinen CO2-Aussto\u00df reduzieren k\u00f6nnen. Die Umsetzung dieser Ma\u00dfnahme kann jedoch komplex sein und die Amortisierung wird mittel- bis langfristig erfolgen und erfordert einen vor\u00fcbergehenden Produktionsstopp w\u00e4hrend der technischen Installationsphase.<\/p>\n\n\n\n<!--more-->\n\n\n\n<p>Der W\u00e4rmetauscher befindet sich zwischen dem Kompressor und dem Verfl\u00fcssiger der K\u00e4ltemaschine. In der Praxis kann die W\u00e4rmer\u00fcckgewinnung auf drei verschiedene Arten umgesetzt werden:<\/p>\n\n\n\n<ul class=\"wp-block-list\">\n<li>Externer W\u00e4rmetauscher: Ein W\u00e4rmetauscher ist auf der einen Seite mit dem Kompressorauslass und auf der anderen Seite mit dem Warmwasserspeicher verbunden (teilweise R\u00fcckgewinnung)<\/li>\n\n\n\n<li>Interner W\u00e4rmetauscher: ein vom K\u00e4ltemittel durchflossener \u201eEnthitzer\u201c wird unten im Warmwasserspeicher vor dem Verfl\u00fcssiger eingef\u00fcgt<\/li>\n\n\n\n<li>Kondenswasserauffangbeh\u00e4lter: das K\u00e4ltemittel wird vollst\u00e4ndig im Inneren des Warmwasserspeichers verfl\u00fcssigt (vollst\u00e4ndige R\u00fcckgewinnung)<\/li>\n<\/ul>\n\n\n\n<h3 class=\"type-numerotation\"><span class=\"type-numerotation-span visually-hidden\"><\/span>Energie- und Umweltauswirkungen<\/h3>\n\n\n\n<p>Die beiden gemeinsamen positiven Effekte sind folgende:<\/p>\n\n\n\n<ul class=\"wp-block-list\">\n<li>Energieeinsparung bei der Warmwasserbereitung, da die nach au\u00dfen geleitete Energie zur\u00fcckgewonnen wird (= Abw\u00e4rme).<\/li>\n\n\n\n<li>Gewinn f\u00fcr die Umwelt, da der Endverbrauch f\u00fcr die Warmwasserbereitung geringer ist als der urspr\u00fcngliche Verbrauch, und positive Auswirkungen auf den CO<sub>2<\/sub>-Aussto\u00df, insbesondere wenn die Warmwasserbereitung urspr\u00fcnglich \u00fcber einen fossilen Brennstoff erfolgte.<\/li>\n<\/ul>\n\n\n\n<p>Die gesch\u00e4tzten Energieeinsparungen f\u00fcr die Warmwasserbereitung sind fast vollst\u00e4ndig, da keine Energie mehr gekauft werden muss. Der CO<sub>2<\/sub>-Aussto\u00df ist auch gr\u00f6\u00dfer oder kleiner, je nachdem, wie das Warmwasser urspr\u00fcnglich erzeugt wurde.<\/p>\n\n\n\n<h3 class=\"type-numerotation\"><span class=\"type-numerotation-span visually-hidden\"><\/span>Beantragung von Beihilfen<\/h3>\n\n\n\n<div class=\"wp-block-group has-light-green-background-color has-background\"><div class=\"wp-block-group__inner-container is-layout-constrained wp-block-group-is-layout-constrained\">\n<h4 class=\"wp-block-heading\">Staatliche Beihilfen<\/h4>\n\n\n\n<p><strong>Achtung: Anreizwirkung, die bei der Beantragung von (staatlicher oder nichtstaatlicher) Beihilfe und unter der Voraussetzung, dass die F\u00f6rderkriterien erf\u00fcllt sind, eingehalten werden muss.<\/strong><br>Um die \u201eAnreizwirkung\u201c zu wahren, d\u00fcrfen keine verbindlichen Verpflichtungen (Unterzeichnung eines Kostenvoranschlags; Anzahlung) eingegangen werden, BEVOR die Antragsunterlagen eingereicht wurden oder der Staat oder der Strom- und Gasversorger aufgrund eines Antrags auf Zusch\u00fcsse eine grunds\u00e4tzliche Zustimmung erteilt hat.<\/p>\n\n\n\n<p><a href=\"https:\/\/guichet.public.lu\/fr\/entreprises\/financement-aides\/regime-sme-packages\/soutien-pme\/sme-packages-sustainability.html\" target=\"_blank\" rel=\"noreferrer noopener\"><strong>SME <\/strong><\/a><strong><a href=\"https:\/\/guichet.public.lu\/de\/entreprises\/financement-aides\/regime-sme-packages\/soutien-pme\/sme-packages-sustainability.html\" target=\"_blank\" rel=\"noreferrer noopener\">Packages <\/a><\/strong><a href=\"https:\/\/guichet.public.lu\/de\/entreprises\/financement-aides\/regime-sme-packages\/soutien-pme\/sme-packages-sustainability.html\" target=\"_blank\" rel=\"noreferrer noopener\"><strong>&#8211; Sustainability<\/strong><\/a><\/p>\n\n\n\n<ul class=\"wp-block-list\">\n<li>Finanzielle F\u00f6rderung f\u00fcr kleine und mittlere Unternehmen, welche bis zu 70 % der f\u00f6rderf\u00e4higen Kosten f\u00fcr die Umsetzung eines Projekts zur Reduzierung der Umweltbelastung deckt. Das zul\u00e4ssige Projektbudget muss zwischen 3.000 \u20ac und 25.000 \u20ac zzgl. MwSt. liegen.<\/li>\n\n\n\n<li>Bei Fragen:\n<ul class=\"wp-block-list\">\n<li><a href=\"mailto:ehandwierk@cdm.lu\" target=\"_blank\" rel=\"noreferrer noopener\">Chambre des M\u00e9tiers<\/a> f\u00fcr Handwerker<\/li>\n\n\n\n<li><a href=\"mailto:sustainability@cc.lu\" target=\"_blank\" rel=\"noreferrer noopener\">Chamber of Commerce<\/a> f\u00fcr Unternehmen im nicht-handwerklichen Bereich<\/li>\n<\/ul>\n<\/li>\n<\/ul>\n\n\n\n<p><strong><a href=\"https:\/\/guichet.public.lu\/de\/entreprises\/financement-aides\/aides-environnement\/industrie-services\/aide-protec-environnement.html\" data-type=\"link\" data-id=\"https:\/\/guichet.public.lu\/de\/entreprises\/financement-aides\/aides-environnement\/industrie-services\/aide-protec-environnement.html\" target=\"_blank\" rel=\"noopener\">Subventionen zum Umweltschutz<\/a><\/strong><\/p>\n\n\n\n<p>Das Gesetz vom 8. Dezember 2025 \u00fcber die Erneuerung der Beihilferegelung f\u00fcr den Umwelt- und Klimaschutz sieht die Gew\u00e4hrung von Investitionsbeihilfen f\u00fcr KMU sowie f\u00fcr gro\u00dfe Unternehmen vor, die in Luxemburg ans\u00e4ssig sind, \u00fcber eine Niederlassungsgenehmigung verf\u00fcgen und Projekte durchf\u00fchren, die zum Umwelt- oder Klimaschutz beitragen.<br>Diese Beihilfe unterst\u00fctzt Investitionen zur Verbesserung der Energieeffizienz au\u00dferhalb von Geb\u00e4uden. Sie richtet sich an Initiativen, die entweder eine Reduzierung des Energieverbrauchs um mindestens 20 % oder Energieeinsparungen von mindestens 250 MWh pro Jahr erm\u00f6glichen.<\/p>\n\n\n\n<p>Es gelten folgende H\u00f6chsts\u00e4tze:<\/p>\n\n\n\n<figure class=\"wp-block-table\"><table class=\"has-fixed-layout\"><thead><tr><th scope=\"col\" rowspan=\"2\">Aktivit\u00e4t<\/th><th scope=\"colgroup\" colspan=\"3\">Unternehmensgr\u00f6\u00dfe<\/th><\/tr><tr><th scope=\"col\">Klein<\/th><th scope=\"col\">Mittel<\/th><th scope=\"col\">Gro\u00df<\/th><\/tr><\/thead><tbody><tr><th scope=\"row\">Energieeffizienz au\u00dferhalb von Geb\u00e4uden<\/th><td>25&nbsp;%<\/td><td>20&nbsp;%<\/td><td>15&nbsp;%<\/td><\/tr><\/tbody><\/table><figcaption class=\"wp-element-caption\">H\u00f6chstsatz f\u00fcr Beihilfen im Rahmen von Artikel 7<\/figcaption><\/figure>\n\n\n\n<p>Wenn eine Anlage zu einer bestehenden Anlage hinzugef\u00fcgt wird und keine weniger umweltfreundliche kontrafaktische Investition vorliegt, wird der Beihilfesatz aus der obigen Tabelle verdoppelt.<br>KMU k\u00f6nnen auf einfachen Antrag hin eine Beihilfe erhalten, wenn sie die in Artikel 7 dieses Gesetzes beschriebenen Bedingungen erf\u00fcllen, sofern die Beihilfe weniger als 100.000 Euro und mehr als 50.000 Euro betr\u00e4gt.<br>Gro\u00dfe Unternehmen sowie KMU k\u00f6nnen sich ebenfalls an regelm\u00e4\u00dfig organisierten Projektausschreibungen beteiligen, die nachstehend bekannt gegeben werden, sobald sie aktuell sind.<br>Die Pr\u00fcfung der F\u00f6rderf\u00e4higkeit der Antr\u00e4ge erfolgt durch die <a href=\"https:\/\/guichet.public.lu\/de\/citoyens\/organismes\/organismes_entreprises\/ministere-economie\/direction-recherche-innov.html\" data-type=\"link\" data-id=\"https:\/\/guichet.public.lu\/de\/citoyens\/organismes\/organismes_entreprises\/ministere-economie\/direction-recherche-innov.html\" target=\"_blank\" rel=\"noopener\">Generaldirektion Staatliche Beihilfen und Finanzierung f\u00fcr Unternehmen (Finanzierung und staatliche Beihilfen)<\/a>.<\/p>\n\n\n\n<ul class=\"wp-block-list\">\n<li>F\u00fcr Unterst\u00fctzung oder Fragen zum Verfahren wenden Sie sich bitte an <a href=\"mailto:Aides@luxinnovation.lu\" data-type=\"mailto\" data-id=\"mailto:Aides@luxinnovation.lu\">Luxinnovation<\/a>.<\/li>\n<\/ul>\n\n\n\n<p><a href=\"https:\/\/guichet.public.lu\/de\/entreprises\/financement-aides\/aides-environnement\/industrie-services\/aide-protec-environnement.html\" data-type=\"link\" data-id=\"https:\/\/guichet.public.lu\/de\/entreprises\/financement-aides\/aides-environnement\/industrie-services\/aide-protec-environnement.html\" target=\"_blank\" rel=\"noopener\"><strong>Projektaufruf f\u00fcr Ma\u00dfnahmen zur F\u00f6rderung der Energieeffizienz au\u00dferhalb von Geb\u00e4uden<\/strong><\/a><\/p>\n\n\n\n<p>Ein Projektaufruf ist vom 5. Januar 2026 bis zum 30. Juni 2026 ge\u00f6ffnet, um Ma\u00dfnahmen zur Verbesserung der Energieeffizienz au\u00dferhalb von Geb\u00e4uden zu unterst\u00fctzen.<br>Dieser Projektaufruf erfolgt nach dem Prinzip \u201efirst come, first served\u201c. Das bedeutet, dass Subventionen in der Reihenfolge des Eingangs der Antr\u00e4ge gew\u00e4hrt werden, bis das Budget von 15 Millionen Euro ausgesch\u00f6pft ist.<br>Es wird kein Lastenheft ver\u00f6ffentlicht; es gelten ausschlie\u00dflich die im Gesetz vom 8. Dezember 2025 \u00fcber die Erneuerung des F\u00f6rderregimes f\u00fcr Umwelt- und Klimaschutz festgelegten Bedingungen.<\/p>\n\n\n\n<ul class=\"wp-block-list\">\n<li>Weitere Informationen: <a href=\"https:\/\/guichet.public.lu\/de\/entreprises\/financement-aides\/aides-environnement\/industrie-services\/aide-protec-environnement.html\" data-type=\"link\" data-id=\"https:\/\/guichet.public.lu\/de\/entreprises\/financement-aides\/aides-environnement\/industrie-services\/aide-protec-environnement.html\" target=\"_blank\" rel=\"noopener\">myguichet.lu<\/a><\/li>\n\n\n\n<li>Bei Fragen wenden Sie sich bitte an <a href=\"mailto:Aides@luxinnovation.lu\" data-type=\"mailto\" data-id=\"mailto:Aides@luxinnovation.lu\">Luxinnovation<\/a>.<\/li>\n<\/ul>\n\n\n\n<p>Hinweis: Staatliche Beihilfen k\u00f6nnen f\u00fcr ein Projekt nicht miteinander kumuliert werden.<\/p>\n<\/div><\/div>\n\n\n\n<h4 class=\"wp-block-heading\">Beihilfen von Strom- und Gasversorgern<\/h4>\n\n\n\n<p>Seit 2015 sind Strom- und Gasversorger im Rahmen des Verpflichtungssystems aufgefordert, Energieeinsparungen bei den Verbrauchern zu erzielen. Seitdem bieten die Energieversorger Unterst\u00fctzung und Beratung sowie F\u00f6rderprogramme f\u00fcr Verbraucher bei der Umsetzung von Energieeffizienzma\u00dfnahmen an.<\/p>\n\n\n\n<p>Die Versorger, die diesen Service f\u00fcr Unternehmen anbieten, sind folgende:<\/p>\n\n\n\n<ul class=\"wp-block-list\">\n<li><a href=\"https:\/\/www.enoprimes.lu\/de\/unternehmen\/\" target=\"_blank\" rel=\"noreferrer noopener\">Enovos + SUDenergie<\/a><\/li>\n\n\n\n<li><a href=\"https:\/\/sudenergie.lu\/service\/energiesparen\" target=\"_blank\" rel=\"noreferrer noopener\">SUDenergie<\/a><\/li>\n\n\n\n<li><a href=\"https:\/\/www.sudstroum.lu\/de\/hauptseite-kundenservice\/energieberatung-finanzielle-unterstutzung\/\" target=\"_blank\" rel=\"noreferrer noopener\">Sudstroum<\/a><\/li>\n<\/ul>\n\n\n\n<p>Hinweis: Die Beihilfen der Versorger k\u00f6nnen mit jeder staatlichen Beihilfe f\u00fcr dasselbe Projekt kumuliert werden.<\/p>\n\n\n<h4><a href=\"https:\/\/guichet.public.lu\/de\/entreprises\/fiscalite\/bonification-impot-investissement\/bonification-transition-ecologique-energetique.html\" target=\"_blank\" rel=\"noopener\">Steuerverg\u00fcnstigung f\u00fcr Investitionen in Projekte zur Meisterung des \u00f6kologischen Wandels und der Energiewende<\/a><\/h4>\n<p>Die Steuerverg\u00fcnstigung wird auf der Grundlage der Investitionen und Betriebsausgaben berechnet, die im Rahmen eines Projekts zur Umsetzung des \u00f6kologischen Wandels und der Energiewende get\u00e4tigt wurden.<br \/>\nDer Steuervorteil betr\u00e4gt 18 % und wird direkt auf den Steuerbetrag angerechnet.<br \/>\nDieser Vorteil kann mit einer klassischen staatlichen Beihilfe kumuliert werden.<\/p>\n<p>F\u00fcr die F\u00f6rderf\u00e4higkeit des Projekts muss mindestens eines der folgenden Ziele erf\u00fcllt sein:<\/p>\n<ul>\n<li>Verbesserung der Energieeffizienz eines Produktionsprozesses<\/li>\n<li>Verbesserung der Materialeffizienz eines Produktionsprozesses<\/li>\n<li>Dekarbonisierung eines Produktionsprozesses<\/li>\n<li>Verringerung der Luftverschmutzung am Produktionsstandort (au\u00dfer CO2-Emissionen)<\/li>\n<li>Erzeugung oder Speicherung erneuerbarer Energie f\u00fcr den Eigenverbrauch<\/li>\n<li>F\u00f6rderung der Verl\u00e4ngerung der Nutzungsdauer von Produkten durch Wiederverwendung<\/li>\n<\/ul>\n<p>F\u00fcr bestimmte Ziele m\u00fcssen Mindestschwellenwerte erreicht werden.<br \/>\nUm Ihre F\u00f6rderf\u00e4higkeit und das Erreichen der Schwellenwerte zu \u00fcberpr\u00fcfen, wird empfohlen, die Auswirkungen der Ma\u00dfnahme auf eine der genannten Bedingungen von einem Experten oder einem Planungsb\u00fcro zertifizieren zu lassen.<\/p>\n<p>Weitere Details und Bestimmungen: <a href=\"https:\/\/guichet.public.lu\/de\/entreprises\/fiscalite\/bonification-impot-investissement\/bonification-transition-ecologique-energetique.html\" target=\"_blank\" rel=\"noopener\">Guichet.lu<\/a><br \/>\nBei Fragen: <a href=\"mailto:bonification@eco.etat.lu\">Ministerium f\u00fcr Wirtschaft &#8211; Bonification<\/a><\/p>\n<div class=\"wp-block-group has-light-green-background-color has-background\">\n<div class=\"wp-block-group__inner-container is-layout-constrained wp-block-group-is-layout-constrained\">Diese Art von Projekt kann vorbehaltlich der Voraussetzung in Betracht kommen, dass das umgesetzte Projekt die Hauptwirtschaftst\u00e4tigkeit des Unternehmens betrifft, die F\u00f6rdervoraussetzungen erf\u00fcllt sind und s\u00e4mtliche weiteren in Artikel 152bis L.I.R. vorgesehenen Kriterien eingehalten werden.<\/div>\n<\/div>\n\n","protected":false},"featured_media":4188,"parent":0,"template":"","secteur":[82,139,80],"thematique":[91],"application":[92,111],"class_list":["post-4254","mesures","type-mesures","status-publish","has-post-thumbnail","hentry","secteur-handel","secteur-lebensmittelgeschaft","secteur-handwerk","thematique-energie-de","application-heizung","application-kuehlung"],"acf":[],"_links":{"self":[{"href":"https:\/\/www.klimapaktfirbetriber.lu\/de\/wp-json\/wp\/v2\/mesures\/4254","targetHints":{"allow":["GET"]}}],"collection":[{"href":"https:\/\/www.klimapaktfirbetriber.lu\/de\/wp-json\/wp\/v2\/mesures"}],"about":[{"href":"https:\/\/www.klimapaktfirbetriber.lu\/de\/wp-json\/wp\/v2\/types\/mesures"}],"version-history":[{"count":10,"href":"https:\/\/www.klimapaktfirbetriber.lu\/de\/wp-json\/wp\/v2\/mesures\/4254\/revisions"}],"predecessor-version":[{"id":2813673,"href":"https:\/\/www.klimapaktfirbetriber.lu\/de\/wp-json\/wp\/v2\/mesures\/4254\/revisions\/2813673"}],"wp:featuredmedia":[{"embeddable":true,"href":"https:\/\/www.klimapaktfirbetriber.lu\/de\/wp-json\/wp\/v2\/media\/4188"}],"wp:attachment":[{"href":"https:\/\/www.klimapaktfirbetriber.lu\/de\/wp-json\/wp\/v2\/media?parent=4254"}],"wp:term":[{"taxonomy":"secteur","embeddable":true,"href":"https:\/\/www.klimapaktfirbetriber.lu\/de\/wp-json\/wp\/v2\/secteur?post=4254"},{"taxonomy":"thematique","embeddable":true,"href":"https:\/\/www.klimapaktfirbetriber.lu\/de\/wp-json\/wp\/v2\/thematique?post=4254"},{"taxonomy":"application","embeddable":true,"href":"https:\/\/www.klimapaktfirbetriber.lu\/de\/wp-json\/wp\/v2\/application?post=4254"}],"curies":[{"name":"wp","href":"https:\/\/api.w.org\/{rel}","templated":true}]}}